{"id":1057,"date":"2023-03-08T15:43:18","date_gmt":"2023-03-08T15:43:18","guid":{"rendered":"https:\/\/agraria.qodeinteractive.com\/?page_id=1057"},"modified":"2025-08-16T16:33:11","modified_gmt":"2025-08-16T16:33:11","slug":"aktuality","status":"publish","type":"page","link":"https:\/\/agdmorkovice.cz\/en\/aktuality\/","title":{"rendered":"Aktuality"},"content":{"rendered":"<div data-elementor-type=\"wp-page\" data-elementor-id=\"1057\" class=\"elementor elementor-1057\" data-elementor-post-type=\"page\">\n\t\t\t\t\t\t<section class=\"elementor-section elementor-top-section elementor-element elementor-element-21e8998 elementor-section-full_width qodef-elementor-content-grid elementor-section-height-default elementor-section-height-default\" data-id=\"21e8998\" data-element_type=\"section\" data-e-type=\"section\">\n\t\t\t\t\t\t<div class=\"elementor-container elementor-column-gap-default\">\n\t\t\t\t\t<div class=\"elementor-column elementor-col-100 elementor-top-column elementor-element elementor-element-8dfed63\" data-id=\"8dfed63\" data-element_type=\"column\" data-e-type=\"column\">\n\t\t\t<div class=\"elementor-widget-wrap elementor-element-populated\">\n\t\t\t\t\t\t<div class=\"elementor-element elementor-element-61821cd elementor-widget elementor-widget-agraria_core_blog_list\" data-id=\"61821cd\" data-element_type=\"widget\" data-e-type=\"widget\" data-widget_type=\"agraria_core_blog_list.default\">\n\t\t\t\t<div class=\"elementor-widget-container\">\n\t\t\t\t\t<div class=\"qodef-shortcode qodef-m qodef-blog qodef--list qodef-item-layout--standard qodef-grid qodef-layout--columns qodef-gutter--small qodef-vertical-gutter--normal qodef-col-num--3 qodef-item-layout--standard qodef-pagination--off qodef-responsive--custom qodef-col-num--1440--3 qodef-col-num--1366--3 qodef-col-num--1024--2 qodef-col-num--768--1 qodef-col-num--680--1 qodef-col-num--480--1 qodef-swiper--show-pagination\" data-options=\"{&quot;plugin&quot;:&quot;agraria_core&quot;,&quot;module&quot;:&quot;blog\\\/shortcodes&quot;,&quot;shortcode&quot;:&quot;blog-list&quot;,&quot;post_type&quot;:&quot;post&quot;,&quot;next_page&quot;:&quot;2&quot;,&quot;max_pages_num&quot;:2,&quot;behavior&quot;:&quot;columns&quot;,&quot;images_proportion&quot;:&quot;full&quot;,&quot;columns&quot;:&quot;3&quot;,&quot;columns_responsive&quot;:&quot;custom&quot;,&quot;columns_1440&quot;:&quot;3&quot;,&quot;columns_1366&quot;:&quot;3&quot;,&quot;columns_1024&quot;:&quot;2&quot;,&quot;columns_768&quot;:&quot;1&quot;,&quot;columns_680&quot;:&quot;1&quot;,&quot;columns_480&quot;:&quot;1&quot;,&quot;space&quot;:&quot;small&quot;,&quot;vertical_space&quot;:&quot;normal&quot;,&quot;posts_per_page&quot;:&quot;12&quot;,&quot;orderby&quot;:&quot;date&quot;,&quot;order&quot;:&quot;DESC&quot;,&quot;additional_params&quot;:&quot;tax&quot;,&quot;tax&quot;:&quot;category&quot;,&quot;tax_slug&quot;:&quot;agd-morkovice, projekty-eu, rostlinna-vyroba, zivocisna-vyroba&quot;,&quot;layout&quot;:&quot;standard&quot;,&quot;title_tag&quot;:&quot;h4&quot;,&quot;excerpt_length&quot;:&quot;155&quot;,&quot;disable_button&quot;:&quot;yes&quot;,&quot;pagination_type&quot;:&quot;no-pagination&quot;,&quot;object_class_name&quot;:&quot;AgrariaCore_Blog_List_Shortcode&quot;,&quot;taxonomy_filter&quot;:&quot;category&quot;,&quot;additional_query_args&quot;:{&quot;tax_query&quot;:[{&quot;taxonomy&quot;:&quot;category&quot;,&quot;field&quot;:&quot;slug&quot;,&quot;terms&quot;:[&quot;agd-morkovice&quot;,&quot; projekty-eu&quot;,&quot; rostlinna-vyroba&quot;,&quot; zivocisna-vyroba&quot;]}]},&quot;space_value&quot;:20}\">\n\t\t<div class=\"qodef-grid-inner\">\n\t\t<article class=\"qodef-e qodef-blog-item qodef-grid-item qodef-item--full post-14356 post type-post status-publish format-standard hentry category-projekty-eu\">\n\t<div class=\"qodef-e-inner\">\n\t\t<div class=\"qodef-e-media\">\n\t\t<div class=\"qodef-e-image-date\">\n\t\t<a itemprop=\"dateCreated\" href=\"https:\/\/agdmorkovice.cz\/en\/2026\/04\/\" class=\"qodef-e-info-item qodef-e-info-date entry-date\">\n\t8. 4. 2026<\/a><div class=\"qodef-info-separator-end\"><\/div>\n\t<\/div>\n\t<div class=\"qodef-e-media-image\">\n\t\t<a itemprop=\"url\" href=\"https:\/\/agdmorkovice.cz\/en\/projekty-eu\/diverzifikace-do-stavebnictvi\/\">\n\t\t\t<img fetchpriority=\"high\" decoding=\"async\" width=\"861\" height=\"612\" src=\"https:\/\/agdmorkovice.cz\/wp-content\/uploads\/2026\/04\/projekt.png\" class=\"attachment-full size-full\" alt=\"\" srcset=\"https:\/\/agdmorkovice.cz\/wp-content\/uploads\/2026\/04\/projekt.png 861w, https:\/\/agdmorkovice.cz\/wp-content\/uploads\/2026\/04\/projekt-300x213.png 300w, https:\/\/agdmorkovice.cz\/wp-content\/uploads\/2026\/04\/projekt-768x546.png 768w, https:\/\/agdmorkovice.cz\/wp-content\/uploads\/2026\/04\/projekt-18x12.png 18w\" sizes=\"(max-width: 861px) 100vw, 861px\" \/>\t\t<\/a>\n\t<\/div>\n<\/div>\n\t\t<div class=\"qodef-e-content\">\n\t\t\t<div class=\"qodef-e-top-holder\">\n\t\t\t\t<div class=\"qodef-e-info\">\n\t\t\t\t\t<a itemprop=\"dateCreated\" href=\"https:\/\/agdmorkovice.cz\/en\/2026\/04\/\" class=\"qodef-e-info-item qodef-e-info-date entry-date\">\n\t8. 4. 2026<\/a><div class=\"qodef-info-separator-end\"><\/div>\n<span class=\"qodef-e-info-author-label\">By<\/span>\n<a itemprop=\"author\" href=\"https:\/\/agdmorkovice.cz\/en\/author\/admin\/\" class=\"qodef-e-info-author\">\n\ttomasvalachcz<\/a><div class=\"qodef-info-separator-end\"><\/div><a href=\"https:\/\/agdmorkovice.cz\/en\/category\/projekty-eu\/\" rel=\"tag\">Projekty EU<\/a><div class=\"qodef-info-separator-end\"><\/div>\t\t\t\t<\/div>\n\t\t\t<\/div>\n\t\t\t<div class=\"qodef-e-text\">\n\t\t\t\t<h4 itemprop=\"name\" class=\"qodef-e-title entry-title\" >\n\t<a itemprop=\"url\" class=\"qodef-e-title-link\" href=\"https:\/\/agdmorkovice.cz\/en\/projekty-eu\/diverzifikace-do-stavebnictvi\/\">\n\t\tDiverzifikace do stavebnictv\u00ed\t<\/a>\n<\/h4>\n\t\t\t<\/div>\n\t\t\t\t\t<\/div>\n\t<\/div>\n<\/article>\n<article class=\"qodef-e qodef-blog-item qodef-grid-item qodef-item--full post-14345 post type-post status-publish format-standard has-post-thumbnail hentry category-agd-morkovice\">\n\t<div class=\"qodef-e-inner\">\n\t\t<div class=\"qodef-e-media\">\n\t\t<div class=\"qodef-e-image-date\">\n\t\t<a itemprop=\"dateCreated\" href=\"https:\/\/agdmorkovice.cz\/en\/2026\/04\/\" class=\"qodef-e-info-item qodef-e-info-date entry-date\">\n\t8. 4. 2026<\/a><div class=\"qodef-info-separator-end\"><\/div>\n\t<\/div>\n\t<div class=\"qodef-e-media-image\">\n\t\t<a itemprop=\"url\" href=\"https:\/\/agdmorkovice.cz\/en\/agd-morkovice\/pozvanka-na-vyrocni-schuzi-2026\/\">\n\t\t\t<img decoding=\"async\" width=\"1428\" height=\"1072\" src=\"https:\/\/agdmorkovice.cz\/wp-content\/uploads\/2023\/12\/Navrh-bez-nazvu-3.png\" class=\"attachment-full size-full\" alt=\"\" srcset=\"https:\/\/agdmorkovice.cz\/wp-content\/uploads\/2023\/12\/Navrh-bez-nazvu-3.png 1428w, https:\/\/agdmorkovice.cz\/wp-content\/uploads\/2023\/12\/Navrh-bez-nazvu-3-300x225.png 300w, https:\/\/agdmorkovice.cz\/wp-content\/uploads\/2023\/12\/Navrh-bez-nazvu-3-1024x769.png 1024w, https:\/\/agdmorkovice.cz\/wp-content\/uploads\/2023\/12\/Navrh-bez-nazvu-3-768x577.png 768w, https:\/\/agdmorkovice.cz\/wp-content\/uploads\/2023\/12\/Navrh-bez-nazvu-3-16x12.png 16w\" sizes=\"(max-width: 1428px) 100vw, 1428px\" \/>\t\t<\/a>\n\t<\/div>\n<\/div>\n\t\t<div class=\"qodef-e-content\">\n\t\t\t<div class=\"qodef-e-top-holder\">\n\t\t\t\t<div class=\"qodef-e-info\">\n\t\t\t\t\t<span class=\"qodef-e-info-author-label\">By<\/span>\n<a itemprop=\"author\" href=\"https:\/\/agdmorkovice.cz\/en\/author\/admin\/\" class=\"qodef-e-info-author\">\n\ttomasvalachcz<\/a><div class=\"qodef-info-separator-end\"><\/div><a href=\"https:\/\/agdmorkovice.cz\/en\/category\/agd-morkovice\/\" rel=\"tag\">AGD Morkovice<\/a><div class=\"qodef-info-separator-end\"><\/div>\t\t\t\t<\/div>\n\t\t\t<\/div>\n\t\t\t<div class=\"qodef-e-text\">\n\t\t\t\t<h4 itemprop=\"name\" class=\"qodef-e-title entry-title\" >\n\t<a itemprop=\"url\" class=\"qodef-e-title-link\" href=\"https:\/\/agdmorkovice.cz\/en\/agd-morkovice\/pozvanka-na-vyrocni-schuzi-2026\/\">\n\t\tPozv\u00e1nka na v\u00fdro\u010dn\u00ed sch\u016fzi 2026\t<\/a>\n<\/h4>\n\t\t<p itemprop=\"description\" class=\"qodef-e-excerpt\">P\u0159edstavenstvo Agrodru\u017estva Morkovice, dru\u017estva V\u00e1s zve na \u010dlenskou sch\u016fzi kter\u00e1 se bude konat ve \u010dtvrtek 23. dubna 2026 ve 13, 00 hod. v kulturn\u00ed<\/p>\n\t\t\t\t\t<\/div>\n\t\t\t\t\t<\/div>\n\t<\/div>\n<\/article>\n<article class=\"qodef-e qodef-blog-item qodef-grid-item qodef-item--full post-14327 post type-post status-publish format-standard has-post-thumbnail hentry category-agd-morkovice\">\n\t<div class=\"qodef-e-inner\">\n\t\t<div class=\"qodef-e-media\">\n\t\t<div class=\"qodef-e-image-date\">\n\t\t<a itemprop=\"dateCreated\" href=\"https:\/\/agdmorkovice.cz\/en\/2026\/02\/\" class=\"qodef-e-info-item qodef-e-info-date entry-date\">\n\t4. 2. 2026<\/a><div class=\"qodef-info-separator-end\"><\/div>\n\t<\/div>\n\t<div class=\"qodef-e-media-image\">\n\t\t<a itemprop=\"url\" href=\"https:\/\/agdmorkovice.cz\/en\/agd-morkovice\/den-otevrenych-dveri-stredisko-pocenice\/\">\n\t\t\t<img decoding=\"async\" width=\"1024\" height=\"1536\" src=\"https:\/\/agdmorkovice.cz\/wp-content\/uploads\/2026\/02\/1.png\" class=\"attachment-full size-full\" alt=\"\" srcset=\"https:\/\/agdmorkovice.cz\/wp-content\/uploads\/2026\/02\/1.png 1024w, https:\/\/agdmorkovice.cz\/wp-content\/uploads\/2026\/02\/1-200x300.png 200w, https:\/\/agdmorkovice.cz\/wp-content\/uploads\/2026\/02\/1-683x1024.png 683w, https:\/\/agdmorkovice.cz\/wp-content\/uploads\/2026\/02\/1-768x1152.png 768w, https:\/\/agdmorkovice.cz\/wp-content\/uploads\/2026\/02\/1-8x12.png 8w\" sizes=\"(max-width: 1024px) 100vw, 1024px\" \/>\t\t<\/a>\n\t<\/div>\n<\/div>\n\t\t<div class=\"qodef-e-content\">\n\t\t\t<div class=\"qodef-e-top-holder\">\n\t\t\t\t<div class=\"qodef-e-info\">\n\t\t\t\t\t<span class=\"qodef-e-info-author-label\">By<\/span>\n<a itemprop=\"author\" href=\"https:\/\/agdmorkovice.cz\/en\/author\/admin\/\" class=\"qodef-e-info-author\">\n\ttomasvalachcz<\/a><div class=\"qodef-info-separator-end\"><\/div><a href=\"https:\/\/agdmorkovice.cz\/en\/category\/agd-morkovice\/\" rel=\"tag\">AGD Morkovice<\/a><div class=\"qodef-info-separator-end\"><\/div>\t\t\t\t<\/div>\n\t\t\t<\/div>\n\t\t\t<div class=\"qodef-e-text\">\n\t\t\t\t<h4 itemprop=\"name\" class=\"qodef-e-title entry-title\" >\n\t<a itemprop=\"url\" class=\"qodef-e-title-link\" href=\"https:\/\/agdmorkovice.cz\/en\/agd-morkovice\/den-otevrenych-dveri-stredisko-pocenice\/\">\n\t\tDen otev\u0159en\u00fdch dve\u0159\u00ed &#8211; St\u0159edisko Po\u010denice\t<\/a>\n<\/h4>\n\t\t<p itemprop=\"description\" class=\"qodef-e-excerpt\">\u0160\u0165astn\u00e9 a vesel\u00e9 V\u00e1noce, a\u0165 jsou pln\u00e9 pohody a klidu v kruhu Va\u0161ich bl\u00edzk\u00fdch, do nov\u00e9ho roku 2025 hodn\u011b zdrav\u00ed a \u0161t\u011bst\u00ed.<\/p>\n\t\t\t\t\t<\/div>\n\t\t\t\t\t<\/div>\n\t<\/div>\n<\/article>\n<article class=\"qodef-e qodef-blog-item qodef-grid-item qodef-item--full post-14269 post type-post status-publish format-standard has-post-thumbnail hentry category-agd-morkovice\">\n\t<div class=\"qodef-e-inner\">\n\t\t<div class=\"qodef-e-media\">\n\t\t<div class=\"qodef-e-image-date\">\n\t\t<a itemprop=\"dateCreated\" href=\"https:\/\/agdmorkovice.cz\/en\/2025\/12\/\" class=\"qodef-e-info-item qodef-e-info-date entry-date\">\n\t16. 12. 2025<\/a><div class=\"qodef-info-separator-end\"><\/div>\n\t<\/div>\n\t<div class=\"qodef-e-media-image\">\n\t\t<a itemprop=\"url\" href=\"https:\/\/agdmorkovice.cz\/en\/agd-morkovice\/pf-2026\/\">\n\t\t\t<img decoding=\"async\" width=\"1428\" height=\"1072\" src=\"https:\/\/agdmorkovice.cz\/wp-content\/uploads\/2023\/12\/Navrh-bez-nazvu-3.png\" class=\"attachment-full size-full\" alt=\"\" srcset=\"https:\/\/agdmorkovice.cz\/wp-content\/uploads\/2023\/12\/Navrh-bez-nazvu-3.png 1428w, https:\/\/agdmorkovice.cz\/wp-content\/uploads\/2023\/12\/Navrh-bez-nazvu-3-300x225.png 300w, https:\/\/agdmorkovice.cz\/wp-content\/uploads\/2023\/12\/Navrh-bez-nazvu-3-1024x769.png 1024w, https:\/\/agdmorkovice.cz\/wp-content\/uploads\/2023\/12\/Navrh-bez-nazvu-3-768x577.png 768w, https:\/\/agdmorkovice.cz\/wp-content\/uploads\/2023\/12\/Navrh-bez-nazvu-3-16x12.png 16w\" sizes=\"(max-width: 1428px) 100vw, 1428px\" \/>\t\t<\/a>\n\t<\/div>\n<\/div>\n\t\t<div class=\"qodef-e-content\">\n\t\t\t<div class=\"qodef-e-top-holder\">\n\t\t\t\t<div class=\"qodef-e-info\">\n\t\t\t\t\t<span class=\"qodef-e-info-author-label\">By<\/span>\n<a itemprop=\"author\" href=\"https:\/\/agdmorkovice.cz\/en\/author\/admin\/\" class=\"qodef-e-info-author\">\n\ttomasvalachcz<\/a><div class=\"qodef-info-separator-end\"><\/div><a href=\"https:\/\/agdmorkovice.cz\/en\/category\/agd-morkovice\/\" rel=\"tag\">AGD Morkovice<\/a><div class=\"qodef-info-separator-end\"><\/div>\t\t\t\t<\/div>\n\t\t\t<\/div>\n\t\t\t<div class=\"qodef-e-text\">\n\t\t\t\t<h4 itemprop=\"name\" class=\"qodef-e-title entry-title\" >\n\t<a itemprop=\"url\" class=\"qodef-e-title-link\" href=\"https:\/\/agdmorkovice.cz\/en\/agd-morkovice\/pf-2026\/\">\n\t\tPF 2026\t<\/a>\n<\/h4>\n\t\t<p itemprop=\"description\" class=\"qodef-e-excerpt\">\u0160\u0165astn\u00e9 a vesel\u00e9 V\u00e1noce, a\u0165 jsou pln\u00e9 pohody a klidu v kruhu Va\u0161ich bl\u00edzk\u00fdch, do nov\u00e9ho roku 2025 hodn\u011b zdrav\u00ed a \u0161t\u011bst\u00ed.<\/p>\n\t\t\t\t\t<\/div>\n\t\t\t\t\t<\/div>\n\t<\/div>\n<\/article>\n<article class=\"qodef-e qodef-blog-item qodef-grid-item qodef-item--full post-14147 post type-post status-publish format-standard hentry category-agd-morkovice\">\n\t<div class=\"qodef-e-inner\">\n\t\t<div class=\"qodef-e-media\">\n\t\t<div class=\"qodef-e-image-date\">\n\t\t<a itemprop=\"dateCreated\" href=\"https:\/\/agdmorkovice.cz\/en\/2025\/07\/\" class=\"qodef-e-info-item qodef-e-info-date entry-date\">\n\t9. 7. 2025<\/a><div class=\"qodef-info-separator-end\"><\/div>\n\t<\/div>\n\t<div class=\"qodef-e-media-image\">\n\t\t<a itemprop=\"url\" href=\"https:\/\/agdmorkovice.cz\/en\/agd-morkovice\/vsadili-jsme-na-automatizaci-a-welfare\/\">\n\t\t\t<img decoding=\"async\" width=\"1428\" height=\"1072\" src=\"https:\/\/agdmorkovice.cz\/wp-content\/uploads\/2023\/12\/Navrh-bez-nazvu-3.png\" class=\"attachment-full size-full\" alt=\"\" srcset=\"https:\/\/agdmorkovice.cz\/wp-content\/uploads\/2023\/12\/Navrh-bez-nazvu-3.png 1428w, https:\/\/agdmorkovice.cz\/wp-content\/uploads\/2023\/12\/Navrh-bez-nazvu-3-300x225.png 300w, https:\/\/agdmorkovice.cz\/wp-content\/uploads\/2023\/12\/Navrh-bez-nazvu-3-1024x769.png 1024w, https:\/\/agdmorkovice.cz\/wp-content\/uploads\/2023\/12\/Navrh-bez-nazvu-3-768x577.png 768w, https:\/\/agdmorkovice.cz\/wp-content\/uploads\/2023\/12\/Navrh-bez-nazvu-3-16x12.png 16w\" sizes=\"(max-width: 1428px) 100vw, 1428px\" \/>\t\t<\/a>\n\t<\/div>\n<\/div>\n\t\t<div class=\"qodef-e-content\">\n\t\t\t<div class=\"qodef-e-top-holder\">\n\t\t\t\t<div class=\"qodef-e-info\">\n\t\t\t\t\t<a itemprop=\"dateCreated\" href=\"https:\/\/agdmorkovice.cz\/en\/2025\/07\/\" class=\"qodef-e-info-item qodef-e-info-date entry-date\">\n\t9. 7. 2025<\/a><div class=\"qodef-info-separator-end\"><\/div>\n<span class=\"qodef-e-info-author-label\">By<\/span>\n<a itemprop=\"author\" href=\"https:\/\/agdmorkovice.cz\/en\/author\/admin\/\" class=\"qodef-e-info-author\">\n\ttomasvalachcz<\/a><div class=\"qodef-info-separator-end\"><\/div><a href=\"https:\/\/agdmorkovice.cz\/en\/category\/agd-morkovice\/\" rel=\"tag\">AGD Morkovice<\/a><div class=\"qodef-info-separator-end\"><\/div>\t\t\t\t<\/div>\n\t\t\t<\/div>\n\t\t\t<div class=\"qodef-e-text\">\n\t\t\t\t<h4 itemprop=\"name\" class=\"qodef-e-title entry-title\" >\n\t<a itemprop=\"url\" class=\"qodef-e-title-link\" href=\"https:\/\/agdmorkovice.cz\/en\/agd-morkovice\/vsadili-jsme-na-automatizaci-a-welfare\/\">\n\t\tVsadili jsme na automatizaci a welfare\t<\/a>\n<\/h4>\n\t\t\t<\/div>\n\t\t\t\t\t<\/div>\n\t<\/div>\n<\/article>\n<article class=\"qodef-e qodef-blog-item qodef-grid-item qodef-item--full post-14122 post type-post status-publish format-standard hentry category-projekty-eu\">\n\t<div class=\"qodef-e-inner\">\n\t\t<div class=\"qodef-e-media\">\n\t\t<div class=\"qodef-e-image-date\">\n\t\t<a itemprop=\"dateCreated\" href=\"https:\/\/agdmorkovice.cz\/en\/2025\/04\/\" class=\"qodef-e-info-item qodef-e-info-date entry-date\">\n\t14. 4. 2025<\/a><div class=\"qodef-info-separator-end\"><\/div>\n\t<\/div>\n\t<div class=\"qodef-e-media-image\">\n\t\t<a itemprop=\"url\" href=\"https:\/\/agdmorkovice.cz\/en\/projekty-eu\/fve-pocenice\/\">\n\t\t\t<img loading=\"lazy\" decoding=\"async\" width=\"647\" height=\"457\" src=\"https:\/\/agdmorkovice.cz\/wp-content\/uploads\/2025\/04\/123.jpg\" class=\"attachment-full size-full\" alt=\"\" srcset=\"https:\/\/agdmorkovice.cz\/wp-content\/uploads\/2025\/04\/123.jpg 647w, https:\/\/agdmorkovice.cz\/wp-content\/uploads\/2025\/04\/123-300x212.jpg 300w, https:\/\/agdmorkovice.cz\/wp-content\/uploads\/2025\/04\/123-18x12.jpg 18w\" sizes=\"(max-width: 647px) 100vw, 647px\" \/>\t\t<\/a>\n\t<\/div>\n<\/div>\n\t\t<div class=\"qodef-e-content\">\n\t\t\t<div class=\"qodef-e-top-holder\">\n\t\t\t\t<div class=\"qodef-e-info\">\n\t\t\t\t\t<a itemprop=\"dateCreated\" href=\"https:\/\/agdmorkovice.cz\/en\/2025\/04\/\" class=\"qodef-e-info-item qodef-e-info-date entry-date\">\n\t14. 4. 2025<\/a><div class=\"qodef-info-separator-end\"><\/div>\n<span class=\"qodef-e-info-author-label\">By<\/span>\n<a itemprop=\"author\" href=\"https:\/\/agdmorkovice.cz\/en\/author\/admin\/\" class=\"qodef-e-info-author\">\n\ttomasvalachcz<\/a><div class=\"qodef-info-separator-end\"><\/div><a href=\"https:\/\/agdmorkovice.cz\/en\/category\/projekty-eu\/\" rel=\"tag\">Projekty EU<\/a><div class=\"qodef-info-separator-end\"><\/div>\t\t\t\t<\/div>\n\t\t\t<\/div>\n\t\t\t<div class=\"qodef-e-text\">\n\t\t\t\t<h4 itemprop=\"name\" class=\"qodef-e-title entry-title\" >\n\t<a itemprop=\"url\" class=\"qodef-e-title-link\" href=\"https:\/\/agdmorkovice.cz\/en\/projekty-eu\/fve-pocenice\/\">\n\t\tFVE Po\u010denice\t<\/a>\n<\/h4>\n\t\t\t<\/div>\n\t\t\t\t\t<\/div>\n\t<\/div>\n<\/article>\n<article class=\"qodef-e qodef-blog-item qodef-grid-item qodef-item--full post-14100 post type-post status-publish format-standard has-post-thumbnail hentry category-agd-morkovice\">\n\t<div class=\"qodef-e-inner\">\n\t\t<div class=\"qodef-e-media\">\n\t\t<div class=\"qodef-e-image-date\">\n\t\t<a itemprop=\"dateCreated\" href=\"https:\/\/agdmorkovice.cz\/en\/2025\/04\/\" class=\"qodef-e-info-item qodef-e-info-date entry-date\">\n\t1. 4. 2025<\/a><div class=\"qodef-info-separator-end\"><\/div>\n\t<\/div>\n\t<div class=\"qodef-e-media-image\">\n\t\t<a itemprop=\"url\" href=\"https:\/\/agdmorkovice.cz\/en\/agd-morkovice\/pozvanka-na-vyrocni-schuzi-2025\/\">\n\t\t\t<img decoding=\"async\" width=\"1428\" height=\"1072\" src=\"https:\/\/agdmorkovice.cz\/wp-content\/uploads\/2023\/12\/Navrh-bez-nazvu-3.png\" class=\"attachment-full size-full\" alt=\"\" srcset=\"https:\/\/agdmorkovice.cz\/wp-content\/uploads\/2023\/12\/Navrh-bez-nazvu-3.png 1428w, https:\/\/agdmorkovice.cz\/wp-content\/uploads\/2023\/12\/Navrh-bez-nazvu-3-300x225.png 300w, https:\/\/agdmorkovice.cz\/wp-content\/uploads\/2023\/12\/Navrh-bez-nazvu-3-1024x769.png 1024w, https:\/\/agdmorkovice.cz\/wp-content\/uploads\/2023\/12\/Navrh-bez-nazvu-3-768x577.png 768w, https:\/\/agdmorkovice.cz\/wp-content\/uploads\/2023\/12\/Navrh-bez-nazvu-3-16x12.png 16w\" sizes=\"(max-width: 1428px) 100vw, 1428px\" \/>\t\t<\/a>\n\t<\/div>\n<\/div>\n\t\t<div class=\"qodef-e-content\">\n\t\t\t<div class=\"qodef-e-top-holder\">\n\t\t\t\t<div class=\"qodef-e-info\">\n\t\t\t\t\t<span class=\"qodef-e-info-author-label\">By<\/span>\n<a itemprop=\"author\" href=\"https:\/\/agdmorkovice.cz\/en\/author\/admin\/\" class=\"qodef-e-info-author\">\n\ttomasvalachcz<\/a><div class=\"qodef-info-separator-end\"><\/div><a href=\"https:\/\/agdmorkovice.cz\/en\/category\/agd-morkovice\/\" rel=\"tag\">AGD Morkovice<\/a><div class=\"qodef-info-separator-end\"><\/div>\t\t\t\t<\/div>\n\t\t\t<\/div>\n\t\t\t<div class=\"qodef-e-text\">\n\t\t\t\t<h4 itemprop=\"name\" class=\"qodef-e-title entry-title\" >\n\t<a itemprop=\"url\" class=\"qodef-e-title-link\" href=\"https:\/\/agdmorkovice.cz\/en\/agd-morkovice\/pozvanka-na-vyrocni-schuzi-2025\/\">\n\t\tPozv\u00e1nka na v\u00fdro\u010dn\u00ed sch\u016fzi 2025\t<\/a>\n<\/h4>\n\t\t<p itemprop=\"description\" class=\"qodef-e-excerpt\">P\u0159edstavenstvo Agrodru\u017estva Morkovice, dru\u017estva V\u00e1s zve na \u010dlenskou sch\u016fzi kter\u00e1 se bude konat ve \u010dtvrtek 24. dubna 2025 ve 13, 00 hod. v kulturn\u00ed<\/p>\n\t\t\t\t\t<\/div>\n\t\t\t\t\t<\/div>\n\t<\/div>\n<\/article>\n<article class=\"qodef-e qodef-blog-item qodef-grid-item qodef-item--full post-14091 post type-post status-publish format-standard has-post-thumbnail hentry category-agd-morkovice\">\n\t<div class=\"qodef-e-inner\">\n\t\t<div class=\"qodef-e-media\">\n\t\t<div class=\"qodef-e-image-date\">\n\t\t<a itemprop=\"dateCreated\" href=\"https:\/\/agdmorkovice.cz\/en\/2025\/02\/\" class=\"qodef-e-info-item qodef-e-info-date entry-date\">\n\t14. 2. 2025<\/a><div class=\"qodef-info-separator-end\"><\/div>\n\t<\/div>\n\t<div class=\"qodef-e-media-image\">\n\t\t<a itemprop=\"url\" href=\"https:\/\/agdmorkovice.cz\/en\/agd-morkovice\/nechceme-dopustit-aby-ceske-zemedelstvi-nebylo-produkcni\/\">\n\t\t\t<img loading=\"lazy\" decoding=\"async\" width=\"652\" height=\"677\" src=\"https:\/\/agdmorkovice.cz\/wp-content\/uploads\/2025\/02\/1.jpg\" class=\"attachment-full size-full\" alt=\"\" srcset=\"https:\/\/agdmorkovice.cz\/wp-content\/uploads\/2025\/02\/1.jpg 652w, https:\/\/agdmorkovice.cz\/wp-content\/uploads\/2025\/02\/1-289x300.jpg 289w, https:\/\/agdmorkovice.cz\/wp-content\/uploads\/2025\/02\/1-12x12.jpg 12w\" sizes=\"(max-width: 652px) 100vw, 652px\" \/>\t\t<\/a>\n\t<\/div>\n<\/div>\n\t\t<div class=\"qodef-e-content\">\n\t\t\t<div class=\"qodef-e-top-holder\">\n\t\t\t\t<div class=\"qodef-e-info\">\n\t\t\t\t\t<span class=\"qodef-e-info-author-label\">By<\/span>\n<a itemprop=\"author\" href=\"https:\/\/agdmorkovice.cz\/en\/author\/admin\/\" class=\"qodef-e-info-author\">\n\ttomasvalachcz<\/a><div class=\"qodef-info-separator-end\"><\/div><a href=\"https:\/\/agdmorkovice.cz\/en\/category\/agd-morkovice\/\" rel=\"tag\">AGD Morkovice<\/a><div class=\"qodef-info-separator-end\"><\/div>\t\t\t\t<\/div>\n\t\t\t<\/div>\n\t\t\t<div class=\"qodef-e-text\">\n\t\t\t\t<h4 itemprop=\"name\" class=\"qodef-e-title entry-title\" >\n\t<a itemprop=\"url\" class=\"qodef-e-title-link\" href=\"https:\/\/agdmorkovice.cz\/en\/agd-morkovice\/nechceme-dopustit-aby-ceske-zemedelstvi-nebylo-produkcni\/\">\n\t\tNechceme dopustit, aby \u010desk\u00e9 zem\u011bd\u011blstv\u00ed nebylo produk\u010dn\u00ed\t<\/a>\n<\/h4>\n\t\t\t<\/div>\n\t\t\t\t\t<\/div>\n\t<\/div>\n<\/article>\n<article class=\"qodef-e qodef-blog-item qodef-grid-item qodef-item--full post-14068 post type-post status-publish format-standard has-post-thumbnail hentry category-agd-morkovice\">\n\t<div class=\"qodef-e-inner\">\n\t\t<div class=\"qodef-e-media\">\n\t\t<div class=\"qodef-e-image-date\">\n\t\t<a itemprop=\"dateCreated\" href=\"https:\/\/agdmorkovice.cz\/en\/2024\/12\/\" class=\"qodef-e-info-item qodef-e-info-date entry-date\">\n\t10. 12. 2024<\/a><div class=\"qodef-info-separator-end\"><\/div>\n\t<\/div>\n\t<div class=\"qodef-e-media-image\">\n\t\t<a itemprop=\"url\" href=\"https:\/\/agdmorkovice.cz\/en\/agd-morkovice\/pf-2025\/\">\n\t\t\t<img decoding=\"async\" width=\"1428\" height=\"1072\" src=\"https:\/\/agdmorkovice.cz\/wp-content\/uploads\/2023\/12\/Navrh-bez-nazvu-3.png\" class=\"attachment-full size-full\" alt=\"\" srcset=\"https:\/\/agdmorkovice.cz\/wp-content\/uploads\/2023\/12\/Navrh-bez-nazvu-3.png 1428w, https:\/\/agdmorkovice.cz\/wp-content\/uploads\/2023\/12\/Navrh-bez-nazvu-3-300x225.png 300w, https:\/\/agdmorkovice.cz\/wp-content\/uploads\/2023\/12\/Navrh-bez-nazvu-3-1024x769.png 1024w, https:\/\/agdmorkovice.cz\/wp-content\/uploads\/2023\/12\/Navrh-bez-nazvu-3-768x577.png 768w, https:\/\/agdmorkovice.cz\/wp-content\/uploads\/2023\/12\/Navrh-bez-nazvu-3-16x12.png 16w\" sizes=\"(max-width: 1428px) 100vw, 1428px\" \/>\t\t<\/a>\n\t<\/div>\n<\/div>\n\t\t<div class=\"qodef-e-content\">\n\t\t\t<div class=\"qodef-e-top-holder\">\n\t\t\t\t<div class=\"qodef-e-info\">\n\t\t\t\t\t<span class=\"qodef-e-info-author-label\">By<\/span>\n<a itemprop=\"author\" href=\"https:\/\/agdmorkovice.cz\/en\/author\/admin\/\" class=\"qodef-e-info-author\">\n\ttomasvalachcz<\/a><div class=\"qodef-info-separator-end\"><\/div><a href=\"https:\/\/agdmorkovice.cz\/en\/category\/agd-morkovice\/\" rel=\"tag\">AGD Morkovice<\/a><div class=\"qodef-info-separator-end\"><\/div>\t\t\t\t<\/div>\n\t\t\t<\/div>\n\t\t\t<div class=\"qodef-e-text\">\n\t\t\t\t<h4 itemprop=\"name\" class=\"qodef-e-title entry-title\" >\n\t<a itemprop=\"url\" class=\"qodef-e-title-link\" href=\"https:\/\/agdmorkovice.cz\/en\/agd-morkovice\/pf-2025\/\">\n\t\tPF 2025\t<\/a>\n<\/h4>\n\t\t<p itemprop=\"description\" class=\"qodef-e-excerpt\">\u0160\u0165astn\u00e9 a vesel\u00e9 V\u00e1noce, a\u0165 jsou pln\u00e9 pohody a klidu v kruhu Va\u0161ich bl\u00edzk\u00fdch, do nov\u00e9ho roku 2025 hodn\u011b zdrav\u00ed a \u0161t\u011bst\u00ed.<\/p>\n\t\t\t\t\t<\/div>\n\t\t\t\t\t<\/div>\n\t<\/div>\n<\/article>\n<article class=\"qodef-e qodef-blog-item qodef-grid-item qodef-item--full post-14027 post type-post status-publish format-standard has-post-thumbnail hentry category-agd-morkovice\">\n\t<div class=\"qodef-e-inner\">\n\t\t<div class=\"qodef-e-media\">\n\t\t<div class=\"qodef-e-image-date\">\n\t\t<a itemprop=\"dateCreated\" href=\"https:\/\/agdmorkovice.cz\/en\/2024\/06\/\" class=\"qodef-e-info-item qodef-e-info-date entry-date\">\n\t19. 6. 2024<\/a><div class=\"qodef-info-separator-end\"><\/div>\n\t<\/div>\n\t<div class=\"qodef-e-media-image\">\n\t\t<a itemprop=\"url\" href=\"https:\/\/agdmorkovice.cz\/en\/agd-morkovice\/pozvanka-na-vyrocni-schuzi-2024-2\/\">\n\t\t\t<img loading=\"lazy\" decoding=\"async\" width=\"1000\" height=\"750\" src=\"https:\/\/agdmorkovice.cz\/wp-content\/uploads\/2024\/06\/448417901_1866507813859976_7368186726956272721_n.jpg\" class=\"attachment-full size-full\" alt=\"\" srcset=\"https:\/\/agdmorkovice.cz\/wp-content\/uploads\/2024\/06\/448417901_1866507813859976_7368186726956272721_n.jpg 1000w, https:\/\/agdmorkovice.cz\/wp-content\/uploads\/2024\/06\/448417901_1866507813859976_7368186726956272721_n-300x225.jpg 300w, https:\/\/agdmorkovice.cz\/wp-content\/uploads\/2024\/06\/448417901_1866507813859976_7368186726956272721_n-768x576.jpg 768w, https:\/\/agdmorkovice.cz\/wp-content\/uploads\/2024\/06\/448417901_1866507813859976_7368186726956272721_n-16x12.jpg 16w\" sizes=\"(max-width: 1000px) 100vw, 1000px\" \/>\t\t<\/a>\n\t<\/div>\n<\/div>\n\t\t<div class=\"qodef-e-content\">\n\t\t\t<div class=\"qodef-e-top-holder\">\n\t\t\t\t<div class=\"qodef-e-info\">\n\t\t\t\t\t<span class=\"qodef-e-info-author-label\">By<\/span>\n<a itemprop=\"author\" href=\"https:\/\/agdmorkovice.cz\/en\/author\/admin\/\" class=\"qodef-e-info-author\">\n\ttomasvalachcz<\/a><div class=\"qodef-info-separator-end\"><\/div><a href=\"https:\/\/agdmorkovice.cz\/en\/category\/agd-morkovice\/\" rel=\"tag\">AGD Morkovice<\/a><div class=\"qodef-info-separator-end\"><\/div>\t\t\t\t<\/div>\n\t\t\t<\/div>\n\t\t\t<div class=\"qodef-e-text\">\n\t\t\t\t<h4 itemprop=\"name\" class=\"qodef-e-title entry-title\" >\n\t<a itemprop=\"url\" class=\"qodef-e-title-link\" href=\"https:\/\/agdmorkovice.cz\/en\/agd-morkovice\/pozvanka-na-vyrocni-schuzi-2024-2\/\">\n\t\tZem\u011bd\u011blsk\u00e1 v\u00fdstava Krom\u011b\u0159\u00ed\u017e &#8211; v\u00edt\u011bzka kategorie prvotelek\t<\/a>\n<\/h4>\n\t\t<p itemprop=\"description\" class=\"qodef-e-excerpt\">\u00a0Dne 15.6.2024 prob\u011bhla zem\u011bd\u011blsk\u00e1 v\u00fdstava v Krom\u011b\u0159\u00ed\u017ei, kde na\u0161e prvotelka z\u00edskala prvn\u00ed m\u00edsto.\u00a0Otec: ALTAHOTHANDOtec matky: ALTASABRE<\/p>\n\t\t\t\t\t<\/div>\n\t\t\t\t\t<\/div>\n\t<\/div>\n<\/article>\n<article class=\"qodef-e qodef-blog-item qodef-grid-item qodef-item--full post-14008 post type-post status-publish format-standard has-post-thumbnail hentry category-agd-morkovice\">\n\t<div class=\"qodef-e-inner\">\n\t\t<div class=\"qodef-e-media\">\n\t\t<div class=\"qodef-e-image-date\">\n\t\t<a itemprop=\"dateCreated\" href=\"https:\/\/agdmorkovice.cz\/en\/2024\/03\/\" class=\"qodef-e-info-item qodef-e-info-date entry-date\">\n\t26. 3. 2024<\/a><div class=\"qodef-info-separator-end\"><\/div>\n\t<\/div>\n\t<div class=\"qodef-e-media-image\">\n\t\t<a itemprop=\"url\" href=\"https:\/\/agdmorkovice.cz\/en\/agd-morkovice\/pozvanka-na-vyrocni-schuzi-2024\/\">\n\t\t\t<img decoding=\"async\" width=\"1428\" height=\"1072\" src=\"https:\/\/agdmorkovice.cz\/wp-content\/uploads\/2023\/12\/Navrh-bez-nazvu-3.png\" class=\"attachment-full size-full\" alt=\"\" srcset=\"https:\/\/agdmorkovice.cz\/wp-content\/uploads\/2023\/12\/Navrh-bez-nazvu-3.png 1428w, https:\/\/agdmorkovice.cz\/wp-content\/uploads\/2023\/12\/Navrh-bez-nazvu-3-300x225.png 300w, https:\/\/agdmorkovice.cz\/wp-content\/uploads\/2023\/12\/Navrh-bez-nazvu-3-1024x769.png 1024w, https:\/\/agdmorkovice.cz\/wp-content\/uploads\/2023\/12\/Navrh-bez-nazvu-3-768x577.png 768w, https:\/\/agdmorkovice.cz\/wp-content\/uploads\/2023\/12\/Navrh-bez-nazvu-3-16x12.png 16w\" sizes=\"(max-width: 1428px) 100vw, 1428px\" \/>\t\t<\/a>\n\t<\/div>\n<\/div>\n\t\t<div class=\"qodef-e-content\">\n\t\t\t<div class=\"qodef-e-top-holder\">\n\t\t\t\t<div class=\"qodef-e-info\">\n\t\t\t\t\t<span class=\"qodef-e-info-author-label\">By<\/span>\n<a itemprop=\"author\" href=\"https:\/\/agdmorkovice.cz\/en\/author\/admin\/\" class=\"qodef-e-info-author\">\n\ttomasvalachcz<\/a><div class=\"qodef-info-separator-end\"><\/div><a href=\"https:\/\/agdmorkovice.cz\/en\/category\/agd-morkovice\/\" rel=\"tag\">AGD Morkovice<\/a><div class=\"qodef-info-separator-end\"><\/div>\t\t\t\t<\/div>\n\t\t\t<\/div>\n\t\t\t<div class=\"qodef-e-text\">\n\t\t\t\t<h4 itemprop=\"name\" class=\"qodef-e-title entry-title\" >\n\t<a itemprop=\"url\" class=\"qodef-e-title-link\" href=\"https:\/\/agdmorkovice.cz\/en\/agd-morkovice\/pozvanka-na-vyrocni-schuzi-2024\/\">\n\t\tPozv\u00e1nka na v\u00fdro\u010dn\u00ed sch\u016fzi 2024\t<\/a>\n<\/h4>\n\t\t<p itemprop=\"description\" class=\"qodef-e-excerpt\">P\u0159edstavenstvo Agrodru\u017estva Morkovice, dru\u017estva V\u00e1s zve na \u010dlenskou sch\u016fzi kter\u00e1 se bude konat ve \u010dtvrtek 25. dubna 2024 ve 13, 00 hod. v kulturn\u00ed<\/p>\n\t\t\t\t\t<\/div>\n\t\t\t\t\t<\/div>\n\t<\/div>\n<\/article>\n<article class=\"qodef-e qodef-blog-item qodef-grid-item qodef-item--full post-13945 post type-post status-publish format-standard has-post-thumbnail hentry category-agd-morkovice\">\n\t<div class=\"qodef-e-inner\">\n\t\t<div class=\"qodef-e-media\">\n\t\t<div class=\"qodef-e-image-date\">\n\t\t<a itemprop=\"dateCreated\" href=\"https:\/\/agdmorkovice.cz\/en\/2023\/12\/\" class=\"qodef-e-info-item qodef-e-info-date entry-date\">\n\t15. 12. 2023<\/a><div class=\"qodef-info-separator-end\"><\/div>\n\t<\/div>\n\t<div class=\"qodef-e-media-image\">\n\t\t<a itemprop=\"url\" href=\"https:\/\/agdmorkovice.cz\/en\/agd-morkovice\/vnitrni-smernice-o-ochrane-oznamovatelu\/\">\n\t\t\t<img decoding=\"async\" width=\"1428\" height=\"1072\" src=\"https:\/\/agdmorkovice.cz\/wp-content\/uploads\/2023\/12\/Navrh-bez-nazvu-3.png\" class=\"attachment-full size-full\" alt=\"\" srcset=\"https:\/\/agdmorkovice.cz\/wp-content\/uploads\/2023\/12\/Navrh-bez-nazvu-3.png 1428w, https:\/\/agdmorkovice.cz\/wp-content\/uploads\/2023\/12\/Navrh-bez-nazvu-3-300x225.png 300w, https:\/\/agdmorkovice.cz\/wp-content\/uploads\/2023\/12\/Navrh-bez-nazvu-3-1024x769.png 1024w, https:\/\/agdmorkovice.cz\/wp-content\/uploads\/2023\/12\/Navrh-bez-nazvu-3-768x577.png 768w, https:\/\/agdmorkovice.cz\/wp-content\/uploads\/2023\/12\/Navrh-bez-nazvu-3-16x12.png 16w\" sizes=\"(max-width: 1428px) 100vw, 1428px\" \/>\t\t<\/a>\n\t<\/div>\n<\/div>\n\t\t<div class=\"qodef-e-content\">\n\t\t\t<div class=\"qodef-e-top-holder\">\n\t\t\t\t<div class=\"qodef-e-info\">\n\t\t\t\t\t<span class=\"qodef-e-info-author-label\">By<\/span>\n<a itemprop=\"author\" href=\"https:\/\/agdmorkovice.cz\/en\/author\/admin\/\" class=\"qodef-e-info-author\">\n\ttomasvalachcz<\/a><div class=\"qodef-info-separator-end\"><\/div><a href=\"https:\/\/agdmorkovice.cz\/en\/category\/agd-morkovice\/\" rel=\"tag\">AGD Morkovice<\/a><div class=\"qodef-info-separator-end\"><\/div>\t\t\t\t<\/div>\n\t\t\t<\/div>\n\t\t\t<div class=\"qodef-e-text\">\n\t\t\t\t<h4 itemprop=\"name\" class=\"qodef-e-title entry-title\" >\n\t<a itemprop=\"url\" class=\"qodef-e-title-link\" href=\"https:\/\/agdmorkovice.cz\/en\/agd-morkovice\/vnitrni-smernice-o-ochrane-oznamovatelu\/\">\n\t\tVnit\u0159n\u00ed sm\u011brnice o ochran\u011b oznamovatel\u016f\t<\/a>\n<\/h4>\n\t\t<p itemprop=\"description\" class=\"qodef-e-excerpt\">Vnit\u0159n\u00ed Sm\u011brnice o ochran\u011b oznamovatel\u016f ve smyslu z\u00e1kona \u010d. 171\/2023 Sb., o ochran\u011b oznamovatel\u016f<\/p>\n\t\t\t\t\t<\/div>\n\t\t\t\t\t<\/div>\n\t<\/div>\n<\/article>\n\t<\/div>\n\t<\/div>\n\t\t\t\t<\/div>\n\t\t\t\t<\/div>\n\t\t\t\t\t<\/div>\n\t\t<\/div>\n\t\t\t\t\t<\/div>\n\t\t<\/section>\n\t\t\t\t<\/div>","protected":false},"excerpt":{"rendered":"<p>9. 7. 2025 9. 7. 2025 By tomasvalachczAGD Morkovice Vsadili jsme na automatizaci a welfare 14. 4. 2025 14. 4. 2025 By tomasvalachczProjekty EU FVE Po\u010denice 1. 4. 2025 By tomasvalachczAGD Morkovice Pozv\u00e1nka na v\u00fdro\u010dn\u00ed sch\u016fzi 2025 P\u0159edstavenstvo Agrodru\u017estva Morkovice, dru\u017estva V\u00e1s zve na \u010dlenskou sch\u016fzi kter\u00e1 se bude konat ve \u010dtvrtek 24. dubna 2025 [&hellip;]<\/p>","protected":false},"author":1,"featured_media":13682,"parent":0,"menu_order":0,"comment_status":"closed","ping_status":"closed","template":"page-full-width.php","meta":{"footnotes":"","_links_to":"","_links_to_target":""},"class_list":["post-1057","page","type-page","status-publish","has-post-thumbnail","hentry"],"yoast_head":"<!-- This site is optimized with the Yoast SEO Premium plugin v20.11 (Yoast SEO v27.4) - https:\/\/yoast.com\/product\/yoast-seo-premium-wordpress\/ -->\n<title>Aktuality - Agrodru\u017estvo Morkovice<\/title>\n<meta name=\"description\" content=\"Jsme zem\u011bd\u011blsk\u00fd podnik na okrese Krom\u011b\u0159\u00ed\u017e, kter\u00fd se zab\u00fdv\u00e1 rostlinnou a \u017eivo\u010di\u0161nou v\u00fdrobou (chov skotu s tr\u017en\u00ed produkc\u00ed ml\u00e9ka). se z\u00e1vodn\u00ed kuchyn\u00ed.\" \/>\n<meta name=\"robots\" content=\"index, follow, max-snippet:-1, max-image-preview:large, max-video-preview:-1\" \/>\n<link rel=\"canonical\" href=\"https:\/\/agdmorkovice.cz\/en\/aktuality\/\" \/>\n<meta property=\"og:locale\" content=\"en_GB\" \/>\n<meta property=\"og:type\" content=\"article\" \/>\n<meta property=\"og:title\" content=\"Aktuality\" \/>\n<meta property=\"og:description\" content=\"Jsme zem\u011bd\u011blsk\u00fd podnik na okrese Krom\u011b\u0159\u00ed\u017e, kter\u00fd se zab\u00fdv\u00e1 rostlinnou a \u017eivo\u010di\u0161nou v\u00fdrobou (chov skotu s tr\u017en\u00ed produkc\u00ed ml\u00e9ka). se z\u00e1vodn\u00ed kuchyn\u00ed.\" \/>\n<meta property=\"og:url\" content=\"https:\/\/agdmorkovice.cz\/en\/aktuality\/\" \/>\n<meta property=\"og:site_name\" content=\"Agrodru\u017estvo Morkovice\" \/>\n<meta property=\"article:publisher\" content=\"https:\/\/www.facebook.com\/agdmorkovice.cz\" \/>\n<meta property=\"article:modified_time\" content=\"2025-08-16T16:33:11+00:00\" \/>\n<meta property=\"og:image\" content=\"https:\/\/agdmorkovice.cz\/wp-content\/uploads\/2023\/11\/1-1024x565.png\" \/>\n\t<meta property=\"og:image:width\" content=\"1024\" \/>\n\t<meta property=\"og:image:height\" content=\"565\" \/>\n\t<meta property=\"og:image:type\" content=\"image\/png\" \/>\n<meta name=\"twitter:card\" content=\"summary_large_image\" \/>\n<meta name=\"twitter:label1\" content=\"Estimated reading time\" \/>\n\t<meta name=\"twitter:data1\" content=\"4 minutes\" \/>\n<script type=\"application\/ld+json\" class=\"yoast-schema-graph\">{\"@context\":\"https:\\\/\\\/schema.org\",\"@graph\":[{\"@type\":\"WebPage\",\"@id\":\"https:\\\/\\\/agdmorkovice.cz\\\/aktuality\\\/\",\"url\":\"https:\\\/\\\/agdmorkovice.cz\\\/aktuality\\\/\",\"name\":\"Aktuality - Agrodru\u017estvo Morkovice\",\"isPartOf\":{\"@id\":\"https:\\\/\\\/agdmorkovice.cz\\\/#website\"},\"primaryImageOfPage\":{\"@id\":\"https:\\\/\\\/agdmorkovice.cz\\\/aktuality\\\/#primaryimage\"},\"image\":{\"@id\":\"https:\\\/\\\/agdmorkovice.cz\\\/aktuality\\\/#primaryimage\"},\"thumbnailUrl\":\"https:\\\/\\\/agdmorkovice.cz\\\/wp-content\\\/uploads\\\/2023\\\/11\\\/historie2.jpg\",\"datePublished\":\"2023-03-08T15:43:18+00:00\",\"dateModified\":\"2025-08-16T16:33:11+00:00\",\"description\":\"Jsme zem\u011bd\u011blsk\u00fd podnik na okrese Krom\u011b\u0159\u00ed\u017e, kter\u00fd se zab\u00fdv\u00e1 rostlinnou a \u017eivo\u010di\u0161nou v\u00fdrobou (chov skotu s tr\u017en\u00ed produkc\u00ed ml\u00e9ka). se z\u00e1vodn\u00ed kuchyn\u00ed.\",\"breadcrumb\":{\"@id\":\"https:\\\/\\\/agdmorkovice.cz\\\/aktuality\\\/#breadcrumb\"},\"inLanguage\":\"en-GB\",\"potentialAction\":[{\"@type\":\"ReadAction\",\"target\":[\"https:\\\/\\\/agdmorkovice.cz\\\/aktuality\\\/\"]}]},{\"@type\":\"ImageObject\",\"inLanguage\":\"en-GB\",\"@id\":\"https:\\\/\\\/agdmorkovice.cz\\\/aktuality\\\/#primaryimage\",\"url\":\"https:\\\/\\\/agdmorkovice.cz\\\/wp-content\\\/uploads\\\/2023\\\/11\\\/historie2.jpg\",\"contentUrl\":\"https:\\\/\\\/agdmorkovice.cz\\\/wp-content\\\/uploads\\\/2023\\\/11\\\/historie2.jpg\",\"width\":1920,\"height\":1078},{\"@type\":\"BreadcrumbList\",\"@id\":\"https:\\\/\\\/agdmorkovice.cz\\\/aktuality\\\/#breadcrumb\",\"itemListElement\":[{\"@type\":\"ListItem\",\"position\":1,\"name\":\"Dom\u016f\",\"item\":\"https:\\\/\\\/agdmorkovice.cz\\\/\"},{\"@type\":\"ListItem\",\"position\":2,\"name\":\"Aktuality\"}]},{\"@type\":\"WebSite\",\"@id\":\"https:\\\/\\\/agdmorkovice.cz\\\/#website\",\"url\":\"https:\\\/\\\/agdmorkovice.cz\\\/\",\"name\":\"Agrodru\u017estvo Morkovice, dru\u017estvo\",\"description\":\"Agrodru\u017estvo Morkovice pat\u0159\u00ed svoj\u00ed obhospoda\u0159ovanou v\u00fdm\u011brou \u2013 5 255 ha zem\u011bd\u011blsk\u00e9 p\u016fdy k velk\u00fdm zem\u011bd\u011blsk\u00fdm dru\u017estv\u016fm ve Zl\u00ednsk\u00e9m kraji.\",\"publisher\":{\"@id\":\"https:\\\/\\\/agdmorkovice.cz\\\/#organization\"},\"alternateName\":\"AGD Morkovice\",\"potentialAction\":[{\"@type\":\"SearchAction\",\"target\":{\"@type\":\"EntryPoint\",\"urlTemplate\":\"https:\\\/\\\/agdmorkovice.cz\\\/?s={search_term_string}\"},\"query-input\":{\"@type\":\"PropertyValueSpecification\",\"valueRequired\":true,\"valueName\":\"search_term_string\"}}],\"inLanguage\":\"en-GB\"},{\"@type\":\"Organization\",\"@id\":\"https:\\\/\\\/agdmorkovice.cz\\\/#organization\",\"name\":\"Agrodru\u017estvo Morkovice, dru\u017estvo\",\"alternateName\":\"AGD Morkovice, dru\u017estvo\",\"url\":\"https:\\\/\\\/agdmorkovice.cz\\\/\",\"logo\":{\"@type\":\"ImageObject\",\"inLanguage\":\"en-GB\",\"@id\":\"https:\\\/\\\/agdmorkovice.cz\\\/#\\\/schema\\\/logo\\\/image\\\/\",\"url\":\"https:\\\/\\\/agdmorkovice.cz\\\/wp-content\\\/uploads\\\/2023\\\/10\\\/cropped-AGD_-Morkovice_logo_hneda-e1697221494604.png\",\"contentUrl\":\"https:\\\/\\\/agdmorkovice.cz\\\/wp-content\\\/uploads\\\/2023\\\/10\\\/cropped-AGD_-Morkovice_logo_hneda-e1697221494604.png\",\"width\":327,\"height\":264,\"caption\":\"Agrodru\u017estvo Morkovice, dru\u017estvo\"},\"image\":{\"@id\":\"https:\\\/\\\/agdmorkovice.cz\\\/#\\\/schema\\\/logo\\\/image\\\/\"},\"sameAs\":[\"https:\\\/\\\/www.facebook.com\\\/agdmorkovice.cz\"]}]}<\/script>\n<!-- \/ Yoast SEO Premium plugin. -->","yoast_head_json":{"title":"Aktuality - Agrodru\u017estvo Morkovice","description":"Jsme zem\u011bd\u011blsk\u00fd podnik na okrese Krom\u011b\u0159\u00ed\u017e, kter\u00fd se zab\u00fdv\u00e1 rostlinnou a \u017eivo\u010di\u0161nou v\u00fdrobou (chov skotu s tr\u017en\u00ed produkc\u00ed ml\u00e9ka). se z\u00e1vodn\u00ed kuchyn\u00ed.","robots":{"index":"index","follow":"follow","max-snippet":"max-snippet:-1","max-image-preview":"max-image-preview:large","max-video-preview":"max-video-preview:-1"},"canonical":"https:\/\/agdmorkovice.cz\/en\/aktuality\/","og_locale":"en_GB","og_type":"article","og_title":"Aktuality","og_description":"Jsme zem\u011bd\u011blsk\u00fd podnik na okrese Krom\u011b\u0159\u00ed\u017e, kter\u00fd se zab\u00fdv\u00e1 rostlinnou a \u017eivo\u010di\u0161nou v\u00fdrobou (chov skotu s tr\u017en\u00ed produkc\u00ed ml\u00e9ka). se z\u00e1vodn\u00ed kuchyn\u00ed.","og_url":"https:\/\/agdmorkovice.cz\/en\/aktuality\/","og_site_name":"Agrodru\u017estvo Morkovice","article_publisher":"https:\/\/www.facebook.com\/agdmorkovice.cz","article_modified_time":"2025-08-16T16:33:11+00:00","og_image":[{"width":1024,"height":565,"url":"https:\/\/agdmorkovice.cz\/wp-content\/uploads\/2023\/11\/1-1024x565.png","type":"image\/png"}],"twitter_card":"summary_large_image","twitter_misc":{"Estimated reading time":"4 minutes"},"schema":{"@context":"https:\/\/schema.org","@graph":[{"@type":"WebPage","@id":"https:\/\/agdmorkovice.cz\/aktuality\/","url":"https:\/\/agdmorkovice.cz\/aktuality\/","name":"Aktuality - Agrodru\u017estvo Morkovice","isPartOf":{"@id":"https:\/\/agdmorkovice.cz\/#website"},"primaryImageOfPage":{"@id":"https:\/\/agdmorkovice.cz\/aktuality\/#primaryimage"},"image":{"@id":"https:\/\/agdmorkovice.cz\/aktuality\/#primaryimage"},"thumbnailUrl":"https:\/\/agdmorkovice.cz\/wp-content\/uploads\/2023\/11\/historie2.jpg","datePublished":"2023-03-08T15:43:18+00:00","dateModified":"2025-08-16T16:33:11+00:00","description":"Jsme zem\u011bd\u011blsk\u00fd podnik na okrese Krom\u011b\u0159\u00ed\u017e, kter\u00fd se zab\u00fdv\u00e1 rostlinnou a \u017eivo\u010di\u0161nou v\u00fdrobou (chov skotu s tr\u017en\u00ed produkc\u00ed ml\u00e9ka). se z\u00e1vodn\u00ed kuchyn\u00ed.","breadcrumb":{"@id":"https:\/\/agdmorkovice.cz\/aktuality\/#breadcrumb"},"inLanguage":"en-GB","potentialAction":[{"@type":"ReadAction","target":["https:\/\/agdmorkovice.cz\/aktuality\/"]}]},{"@type":"ImageObject","inLanguage":"en-GB","@id":"https:\/\/agdmorkovice.cz\/aktuality\/#primaryimage","url":"https:\/\/agdmorkovice.cz\/wp-content\/uploads\/2023\/11\/historie2.jpg","contentUrl":"https:\/\/agdmorkovice.cz\/wp-content\/uploads\/2023\/11\/historie2.jpg","width":1920,"height":1078},{"@type":"BreadcrumbList","@id":"https:\/\/agdmorkovice.cz\/aktuality\/#breadcrumb","itemListElement":[{"@type":"ListItem","position":1,"name":"Dom\u016f","item":"https:\/\/agdmorkovice.cz\/"},{"@type":"ListItem","position":2,"name":"Aktuality"}]},{"@type":"WebSite","@id":"https:\/\/agdmorkovice.cz\/#website","url":"https:\/\/agdmorkovice.cz\/","name":"Agrodru\u017estvo Morkovice, dru\u017estvo","description":"Agrodru\u017estvo Morkovice pat\u0159\u00ed svoj\u00ed obhospoda\u0159ovanou v\u00fdm\u011brou \u2013 5 255 ha zem\u011bd\u011blsk\u00e9 p\u016fdy k velk\u00fdm zem\u011bd\u011blsk\u00fdm dru\u017estv\u016fm ve Zl\u00ednsk\u00e9m kraji.","publisher":{"@id":"https:\/\/agdmorkovice.cz\/#organization"},"alternateName":"AGD Morkovice","potentialAction":[{"@type":"SearchAction","target":{"@type":"EntryPoint","urlTemplate":"https:\/\/agdmorkovice.cz\/?s={search_term_string}"},"query-input":{"@type":"PropertyValueSpecification","valueRequired":true,"valueName":"search_term_string"}}],"inLanguage":"en-GB"},{"@type":"Organization","@id":"https:\/\/agdmorkovice.cz\/#organization","name":"Agrodru\u017estvo Morkovice, dru\u017estvo","alternateName":"AGD Morkovice, dru\u017estvo","url":"https:\/\/agdmorkovice.cz\/","logo":{"@type":"ImageObject","inLanguage":"en-GB","@id":"https:\/\/agdmorkovice.cz\/#\/schema\/logo\/image\/","url":"https:\/\/agdmorkovice.cz\/wp-content\/uploads\/2023\/10\/cropped-AGD_-Morkovice_logo_hneda-e1697221494604.png","contentUrl":"https:\/\/agdmorkovice.cz\/wp-content\/uploads\/2023\/10\/cropped-AGD_-Morkovice_logo_hneda-e1697221494604.png","width":327,"height":264,"caption":"Agrodru\u017estvo Morkovice, dru\u017estvo"},"image":{"@id":"https:\/\/agdmorkovice.cz\/#\/schema\/logo\/image\/"},"sameAs":["https:\/\/www.facebook.com\/agdmorkovice.cz"]}]}},"_links":{"self":[{"href":"https:\/\/agdmorkovice.cz\/en\/wp-json\/wp\/v2\/pages\/1057","targetHints":{"allow":["GET"]}}],"collection":[{"href":"https:\/\/agdmorkovice.cz\/en\/wp-json\/wp\/v2\/pages"}],"about":[{"href":"https:\/\/agdmorkovice.cz\/en\/wp-json\/wp\/v2\/types\/page"}],"author":[{"embeddable":true,"href":"https:\/\/agdmorkovice.cz\/en\/wp-json\/wp\/v2\/users\/1"}],"replies":[{"embeddable":true,"href":"https:\/\/agdmorkovice.cz\/en\/wp-json\/wp\/v2\/comments?post=1057"}],"version-history":[{"count":36,"href":"https:\/\/agdmorkovice.cz\/en\/wp-json\/wp\/v2\/pages\/1057\/revisions"}],"predecessor-version":[{"id":14262,"href":"https:\/\/agdmorkovice.cz\/en\/wp-json\/wp\/v2\/pages\/1057\/revisions\/14262"}],"wp:featuredmedia":[{"embeddable":true,"href":"https:\/\/agdmorkovice.cz\/en\/wp-json\/wp\/v2\/media\/13682"}],"wp:attachment":[{"href":"https:\/\/agdmorkovice.cz\/en\/wp-json\/wp\/v2\/media?parent=1057"}],"curies":[{"name":"wp","href":"https:\/\/api.w.org\/{rel}","templated":true}]}}